{"id":21053,"date":"2010-12-14T18:37:37","date_gmt":"2010-12-14T17:37:37","guid":{"rendered":"http:\/\/ssdelugo.clientes.galiciadigital.com\/la-orden-tercera-de-san-francisco-en-lugo\/"},"modified":"2024-09-26T09:51:51","modified_gmt":"2024-09-26T07:51:51","slug":"la-orden-tercera-de-san-francisco-en-lugo","status":"publish","type":"page","link":"https:\/\/semanasantadelugo.com\/gl\/cofradias\/la-orden-tercera-de-san-francisco-en-lugo\/","title":{"rendered":"A ORDE TERCEIRA DE SAN FRANCISCO EN LUGO"},"content":{"rendered":"<div data-elementor-type=\"wp-page\" data-elementor-id=\"21053\" class=\"elementor elementor-21053\" data-elementor-post-type=\"page\">\n\t\t\t\t\t\t<section class=\"elementor-section elementor-top-section elementor-element elementor-element-3c8a4734 elementor-section-boxed elementor-section-height-default elementor-section-height-default\" data-id=\"3c8a4734\" data-element_type=\"section\" data-settings=\"{&quot;wdt_bg_image&quot;:{&quot;url&quot;:&quot;&quot;,&quot;id&quot;:&quot;&quot;,&quot;size&quot;:&quot;&quot;},&quot;wdt_bg_image_widescreen&quot;:{&quot;url&quot;:&quot;&quot;,&quot;id&quot;:&quot;&quot;,&quot;size&quot;:&quot;&quot;},&quot;wdt_bg_image_laptop&quot;:{&quot;url&quot;:&quot;&quot;,&quot;id&quot;:&quot;&quot;,&quot;size&quot;:&quot;&quot;},&quot;wdt_bg_image_tablet_extra&quot;:{&quot;url&quot;:&quot;&quot;,&quot;id&quot;:&quot;&quot;,&quot;size&quot;:&quot;&quot;},&quot;wdt_bg_image_tablet&quot;:{&quot;url&quot;:&quot;&quot;,&quot;id&quot;:&quot;&quot;,&quot;size&quot;:&quot;&quot;},&quot;wdt_bg_image_mobile_extra&quot;:{&quot;url&quot;:&quot;&quot;,&quot;id&quot;:&quot;&quot;,&quot;size&quot;:&quot;&quot;},&quot;wdt_bg_image_mobile&quot;:{&quot;url&quot;:&quot;&quot;,&quot;id&quot;:&quot;&quot;,&quot;size&quot;:&quot;&quot;},&quot;wdt_bg_position&quot;:&quot;center center&quot;,&quot;wdt_animation_effect&quot;:&quot;none&quot;,&quot;ekit_has_onepagescroll_dot&quot;:&quot;yes&quot;}\">\n\t\t\t\t\t\t<div class=\"elementor-container elementor-column-gap-default\">\n\t\t\t\t\t<div class=\"elementor-column elementor-col-100 elementor-top-column elementor-element elementor-element-1ad0c045\" data-id=\"1ad0c045\" data-element_type=\"column\">\n\t\t\t<div class=\"elementor-widget-wrap elementor-element-populated\">\n\t\t\t\t\t\t<div class=\"elementor-element elementor-element-56c31386 elementor-widget elementor-widget-text-editor\" data-id=\"56c31386\" data-element_type=\"widget\" data-settings=\"{&quot;ekit_we_effect_on&quot;:&quot;none&quot;,&quot;wdt_animation_effect&quot;:&quot;none&quot;}\" data-widget_type=\"text-editor.default\">\n\t\t\t\t<div class=\"elementor-widget-container\">\n\t\t\t\t\t\t\t\t\t<p style=\"text-align: justify;\"><span class=\"form-text\"><img decoding=\"async\" class=\"wp-image-20981 size-full alignleft\" src=\"https:\/\/semanasantadelugo.com\/wp-content\/uploads\/2010\/06\/O-F-Seglar-w.jpg\" alt=\"\" width=\"78\" height=\"76\" \/>As Terceiras Ordes naceron espontaneamente na Idade Media, dentro do clima de intensa espiritualidade cristi\u00e1 propia da \u00e9poca. Alg\u00fans laicos piadosos buscaron unha forma de filiaci\u00f3n ou relaci\u00f3n especial coas grandes casas relixiosas que eran ent\u00f3n, normalmente, as Abad\u00edas. As\u00ed naceu a \u201cOblaci\u00f3n benedictina\u201d, estendida \u00e1s Abad\u00edas das ordes mon\u00e1sticas. Pero a orixe real do T. \u00f3. At\u00f3pase en San Francisco de As\u00eds, que arredor de 1212 comezou a admitir laicos que, sen abandonar o seu propio modo de vida, ingresaron dalg\u00fan xeito na Orde Franciscana. Ao redor de 1220, cando o Santo escribe a primeira Regra, codifica en certo xeito esta vinculaci\u00f3n dos laicos coa Orde dos Irm\u00e1ns Menores.<\/span><\/p>\n<p style=\"text-align: justify;\"><img fetchpriority=\"high\" decoding=\"async\" class=\"aligncenter wp-image-22760 size-large\" src=\"https:\/\/semanasantadelugo.com\/wp-content\/uploads\/2024\/09\/proc.-santo-entierro-ofs-3-1024x598.jpg\" alt=\"\" width=\"1024\" height=\"598\" srcset=\"https:\/\/semanasantadelugo.com\/wp-content\/uploads\/2024\/09\/proc.-santo-entierro-ofs-3-1024x598.jpg 1024w, https:\/\/semanasantadelugo.com\/wp-content\/uploads\/2024\/09\/proc.-santo-entierro-ofs-3-300x175.jpg 300w, https:\/\/semanasantadelugo.com\/wp-content\/uploads\/2024\/09\/proc.-santo-entierro-ofs-3-768x449.jpg 768w, https:\/\/semanasantadelugo.com\/wp-content\/uploads\/2024\/09\/proc.-santo-entierro-ofs-3.jpg 1532w\" sizes=\"(max-width: 1024px) 100vw, 1024px\" \/>O estado penitencial exist\u00eda dende hai s\u00e9culos e estaba moi difundido dentro da Igrexa. Nun primeiro momento, abarcaba os pecadores p\u00fablicos que ti\u00f1an que completar unha penitencia forzosa para ser recibidos de novo na comunidade. Pero, co paso do tempo, comezaron a aparecer estes outros penitentes voluntarios, que buscaron nos rigores e privaci\u00f3ns da penitencia un cami\u00f1o de perfecci\u00f3n cristi\u00e1, paralelo ao monacato, pero accesible a todos, homes e mulleres, laicos e eclesi\u00e1sticos , casado ou solteiro. A principios do s\u00e9culo XIII este estado penitencial estaba plenamente reco\u00f1ecido pola Igrexa. Alg\u00fans dos que a adoptaron viv\u00edan como eremitas, como oblatos nos mosteiros ou como reclusos nos n\u00facleos urbanos. Tam\u00e9n houbo quen axudou cos traballos para constru\u00edr ou reconstru\u00edr igrexas. Moitos deles eran casados que adoptaron este tipo de vida sen abandonar o mundo. Hab\u00eda grupos de penitentes que se organizaban para prestar servizos en hospitais ou outras instituci\u00f3ns asistenciais. Unha vez admitidos nese estado polo bispo, os penitentes estaban exentos das s\u00faas obrigas c\u00edvicas e militares e do pago de impostos. Estes irm\u00e1ns atoparon na condici\u00f3n de \u201cpenitentes\u201d o estilo de vida que mellor respond\u00eda \u00e1s s\u00faas aspiraci\u00f3ns. Present\u00e1ronse como &quot;penitentes de As\u00eds&quot; e como tales foron ante o Papa Inocencio III en 1209-1210 para que se aprobara o seu prop\u00f3sito vital. O papa deulles o visto e prace e ao mesmo tempo encomendoulles a tarefa de predicar a penitencia a todos. \u201cFacer penitencia\u201d \u00e9, polo tanto, unha connotaci\u00f3n da experiencia de Francisco e \u00e9 o que Francisco e os seus seguidores deber\u00edan pedir insistentemente a todos os fieis. A multiplicaci\u00f3n destes grupos de penitentes de inspiraci\u00f3n franciscana levou a bo porto, tanto entre os frades menores como entre as autoridades eclesi\u00e1sticas, a idea de organizalos dentro dunha Orde. As\u00ed comezou a tomar forma a que logo ser\u00eda co\u00f1ecida como a \u201cOrde da Penitencia\u201d ou \u201cOrde Terceira\u201d franciscana, que como tal se menciona no Oficio e Vida de San Francisco composto por Juli\u00e1n de Espira na d\u00e9cada de 1230.<\/p>\n<p style=\"text-align: justify;\"><\/p>\t\t\t\t\t\t\t\t<\/div>\n\t\t\t\t<\/div>\n\t\t\t\t<div class=\"elementor-element elementor-element-ed50e1b elementor-widget elementor-widget-image-gallery\" data-id=\"ed50e1b\" data-element_type=\"widget\" data-settings=\"{&quot;ekit_we_effect_on&quot;:&quot;none&quot;,&quot;wdt_animation_effect&quot;:&quot;none&quot;}\" data-widget_type=\"image-gallery.default\">\n\t\t\t\t<div class=\"elementor-widget-container\">\n\t\t\t\t\t\t\t<div class=\"elementor-image-gallery\">\n\t\t\t<div id='gallery-1' class='gallery galleryid-21053 gallery-columns-5 gallery-size-thumbnail'><figure class='gallery-item'>\n\t\t\t<div class='gallery-icon landscape'>\n\t\t\t\t<a data-elementor-open-lightbox=\"yes\" data-elementor-lightbox-slideshow=\"ed50e1b\" data-elementor-lightbox-title=\"C. Soledad\" data-e-action-hash=\"#elementor-action%3Aaction%3Dlightbox%26settings%3DeyJpZCI6MjI3NjIsInVybCI6Imh0dHBzOlwvXC9zZW1hbmFzYW50YWRlbHVnby5jb21cL3dwLWNvbnRlbnRcL3VwbG9hZHNcLzIwMjRcLzA5XC9DLi1Tb2xlZGFkLmpwZyIsInNsaWRlc2hvdyI6ImVkNTBlMWIifQ%3D%3D\" href='https:\/\/semanasantadelugo.com\/wp-content\/uploads\/2024\/09\/C.-Soledad.jpg'><img decoding=\"async\" width=\"150\" height=\"150\" src=\"https:\/\/semanasantadelugo.com\/wp-content\/uploads\/2024\/09\/C.-Soledad-150x150.jpg\" class=\"attachment-thumbnail size-thumbnail\" alt=\"\" \/><\/a>\n\t\t\t<\/div><\/figure><figure class='gallery-item'>\n\t\t\t<div class='gallery-icon landscape'>\n\t\t\t\t<a data-elementor-open-lightbox=\"yes\" data-elementor-lightbox-slideshow=\"ed50e1b\" data-elementor-lightbox-title=\"P3212489\" data-e-action-hash=\"#elementor-action%3Aaction%3Dlightbox%26settings%3DeyJpZCI6MjI3NjMsInVybCI6Imh0dHBzOlwvXC9zZW1hbmFzYW50YWRlbHVnby5jb21cL3dwLWNvbnRlbnRcL3VwbG9hZHNcLzIwMjRcLzA5XC9QMzIxMjQ4OS5qcGciLCJzbGlkZXNob3ciOiJlZDUwZTFiIn0%3D\" href='https:\/\/semanasantadelugo.com\/wp-content\/uploads\/2024\/09\/P3212489.jpg'><img loading=\"lazy\" decoding=\"async\" width=\"150\" height=\"150\" src=\"https:\/\/semanasantadelugo.com\/wp-content\/uploads\/2024\/09\/P3212489-150x150.jpg\" class=\"attachment-thumbnail size-thumbnail\" alt=\"\" \/><\/a>\n\t\t\t<\/div><\/figure><figure class='gallery-item'>\n\t\t\t<div class='gallery-icon landscape'>\n\t\t\t\t<a data-elementor-open-lightbox=\"yes\" data-elementor-lightbox-slideshow=\"ed50e1b\" data-elementor-lightbox-title=\"P3212535\" data-e-action-hash=\"#elementor-action%3Aaction%3Dlightbox%26settings%3DeyJpZCI6MjI3NjQsInVybCI6Imh0dHBzOlwvXC9zZW1hbmFzYW50YWRlbHVnby5jb21cL3dwLWNvbnRlbnRcL3VwbG9hZHNcLzIwMjRcLzA5XC9QMzIxMjUzNS5qcGciLCJzbGlkZXNob3ciOiJlZDUwZTFiIn0%3D\" href='https:\/\/semanasantadelugo.com\/wp-content\/uploads\/2024\/09\/P3212535.jpg'><img loading=\"lazy\" decoding=\"async\" width=\"150\" height=\"150\" src=\"https:\/\/semanasantadelugo.com\/wp-content\/uploads\/2024\/09\/P3212535-150x150.jpg\" class=\"attachment-thumbnail size-thumbnail\" alt=\"\" \/><\/a>\n\t\t\t<\/div><\/figure><figure class='gallery-item'>\n\t\t\t<div class='gallery-icon landscape'>\n\t\t\t\t<a data-elementor-open-lightbox=\"yes\" data-elementor-lightbox-slideshow=\"ed50e1b\" data-elementor-lightbox-title=\"P3212571\" data-e-action-hash=\"#elementor-action%3Aaction%3Dlightbox%26settings%3DeyJpZCI6MjI3NjUsInVybCI6Imh0dHBzOlwvXC9zZW1hbmFzYW50YWRlbHVnby5jb21cL3dwLWNvbnRlbnRcL3VwbG9hZHNcLzIwMjRcLzA5XC9QMzIxMjU3MS5qcGciLCJzbGlkZXNob3ciOiJlZDUwZTFiIn0%3D\" href='https:\/\/semanasantadelugo.com\/wp-content\/uploads\/2024\/09\/P3212571.jpg'><img loading=\"lazy\" decoding=\"async\" width=\"150\" height=\"150\" src=\"https:\/\/semanasantadelugo.com\/wp-content\/uploads\/2024\/09\/P3212571-150x150.jpg\" class=\"attachment-thumbnail size-thumbnail\" alt=\"\" \/><\/a>\n\t\t\t<\/div><\/figure><figure class='gallery-item'>\n\t\t\t<div class='gallery-icon landscape'>\n\t\t\t\t<a data-elementor-open-lightbox=\"yes\" data-elementor-lightbox-slideshow=\"ed50e1b\" data-elementor-lightbox-title=\"P3222583\" data-e-action-hash=\"#elementor-action%3Aaction%3Dlightbox%26settings%3DeyJpZCI6MjI3NjYsInVybCI6Imh0dHBzOlwvXC9zZW1hbmFzYW50YWRlbHVnby5jb21cL3dwLWNvbnRlbnRcL3VwbG9hZHNcLzIwMjRcLzA5XC9QMzIyMjU4My5qcGciLCJzbGlkZXNob3ciOiJlZDUwZTFiIn0%3D\" href='https:\/\/semanasantadelugo.com\/wp-content\/uploads\/2024\/09\/P3222583.jpg'><img loading=\"lazy\" decoding=\"async\" width=\"150\" height=\"150\" src=\"https:\/\/semanasantadelugo.com\/wp-content\/uploads\/2024\/09\/P3222583-150x150.jpg\" class=\"attachment-thumbnail size-thumbnail\" alt=\"\" \/><\/a>\n\t\t\t<\/div><\/figure>\n\t\t<\/div>\n\t\t<\/div>\n\t\t\t\t\t\t<\/div>\n\t\t\t\t<\/div>\n\t\t\t\t<div class=\"elementor-element elementor-element-a5e424b elementor-widget elementor-widget-text-editor\" data-id=\"a5e424b\" data-element_type=\"widget\" data-settings=\"{&quot;ekit_we_effect_on&quot;:&quot;none&quot;,&quot;wdt_animation_effect&quot;:&quot;none&quot;}\" data-widget_type=\"text-editor.default\">\n\t\t\t\t<div class=\"elementor-widget-container\">\n\t\t\t\t\t\t\t\t\t<p>A Orde de Penitencia non estaba organizada como unha instituci\u00f3n unificada baixo un ministro xeral, sen\u00f3n que o elemento de unidade estaba proporcionado pola regra com\u00fan que profesaban os seus membros. O seu elemento constitutivo eran as irmandades, que se po\u00f1\u00edan baixo a xurisdici\u00f3n dos bispos, que actuaban como os seus superiores maiores. A autoridade das irmandades resid\u00eda na asemblea de irm\u00e1ns que se reun\u00edan periodicamente. Nas s\u00faas reuni\u00f3ns elix\u00edanse o ministro e o visitante, ou responsable da instruci\u00f3n e correcci\u00f3n. A vida en fraternidade non esix\u00eda, por\u00e9n, vivir na mesma casa, a\u00ednda que hab\u00eda penitentes que si, congregados en pequenas comunidades. Outros optaron, por\u00e9n, por levar unha vida de xubilaci\u00f3n e soidade.\u00a0<em>\u201cO proceso de institucionalizaci\u00f3n da Orde Terceira da Penitencia non se conclu\u00edu ata o ano 1289, cando o Papa Nicol\u00e1s IV, antigo frade menor, estableceu, mediante a bula Supra montem, unha regra definitiva para \u201ctodos os irm\u00e1ns e irm\u00e1s\u201d. Terceira Orde de Penitencia\u201d de San Francisco. A Regra de 1289, pola que se rex\u00edan os terciarios franciscanos ata finais do s\u00e9culo XIX, deixou case intacto o contido do Memoriale Propositi de 1228, a\u00ednda que os dispo\u00f1\u00eda dun xeito m\u00e1is ordenado e estableceu que os penitentes franciscanos se deixasen preferentemente. baixo o coidado espiritual dos frades menores.<\/em><\/p><p>Hai unha tradici\u00f3n, apoiada por alg\u00fan traballo hist\u00f3rico, de que a primeira comunidade franciscana de Lugo foi fundada polo propio San Francisco en 1214, e que o seu primeiro convento foi en Santa Mar\u00eda de Monte de Labio, xunto ao Cami\u00f1o de Santiago. Sexa como for, a fundaci\u00f3n da comunidade franciscana de Lugo rem\u00f3ntase ao s\u00e9culo XIII. Un caso aparte \u00e9 o que se refire \u00e1 comunidade dos Terciarios de San Francisco ou \u201cPenitentes\u201d que se fundar\u00eda uns anos despois A primeira casa terciaria franciscana debeu pertencer a este tipo de comunidades (refer\u00edmonos aos \u201cpenitentes\u201d). Estaba situada no \u201cBurgo Novo Lugo\u201d concretamente entre a actual r\u00faa das Noreas e a r\u00faa do Progreso, como sabemos por diferentes fontes documentais cidade de Lugo, onde realizar\u00edan tarefas de acollida de peregrinos e necesitados de tr\u00e1nsito pola cidade de Lugo, a\u00ednda que a s\u00faa fundaci\u00f3n non a podemos remontar m\u00e1is atr\u00e1s do s\u00e9culo XIV, \u00e9poca na que as comunidades terciarias de com\u00fan A vida comeza a xurdir en Galicia , nas casas frecuentemente constru\u00eddas xunto a hospitais e ermidas. Na d\u00e9cada de 1370 xa se fundan comunidades deste tipo en Sancti Spiritus de Melide, onde os relixiosos rexentaban un hospital, e San Mart\u00edn de Villaoriente. Destas d\u00faas primeiras fundaci\u00f3ns xurdiron outras, que en poucas d\u00e9cadas acabaron formando unha congregaci\u00f3n de mosteiros da Orde Terceira.<\/p><p>\u00a0<\/p>\t\t\t\t\t\t\t\t<\/div>\n\t\t\t\t<\/div>\n\t\t\t\t<div class=\"elementor-element elementor-element-f13c8ce elementor-widget elementor-widget-image-gallery\" data-id=\"f13c8ce\" data-element_type=\"widget\" data-settings=\"{&quot;ekit_we_effect_on&quot;:&quot;none&quot;,&quot;wdt_animation_effect&quot;:&quot;none&quot;}\" data-widget_type=\"image-gallery.default\">\n\t\t\t\t<div class=\"elementor-widget-container\">\n\t\t\t\t\t\t\t<div class=\"elementor-image-gallery\">\n\t\t\t<div id='gallery-2' class='gallery galleryid-21053 gallery-columns-6 gallery-size-thumbnail'><figure class='gallery-item'>\n\t\t\t<div class='gallery-icon landscape'>\n\t\t\t\t<a data-elementor-open-lightbox=\"yes\" data-elementor-lightbox-slideshow=\"f13c8ce\" data-elementor-lightbox-title=\"porc. caladi\u00f1as 3\" data-e-action-hash=\"#elementor-action%3Aaction%3Dlightbox%26settings%3DeyJpZCI6MjI3NTUsInVybCI6Imh0dHBzOlwvXC9zZW1hbmFzYW50YWRlbHVnby5jb21cL3dwLWNvbnRlbnRcL3VwbG9hZHNcLzIwMjRcLzA5XC9wb3JjLi1jYWxhZGluYXMtMy5qcGciLCJzbGlkZXNob3ciOiJmMTNjOGNlIn0%3D\" href='https:\/\/semanasantadelugo.com\/wp-content\/uploads\/2024\/09\/porc.-caladinas-3.jpg'><img loading=\"lazy\" decoding=\"async\" width=\"150\" height=\"150\" src=\"https:\/\/semanasantadelugo.com\/wp-content\/uploads\/2024\/09\/porc.-caladinas-3-150x150.jpg\" class=\"attachment-thumbnail size-thumbnail\" alt=\"\" \/><\/a>\n\t\t\t<\/div><\/figure><figure class='gallery-item'>\n\t\t\t<div class='gallery-icon landscape'>\n\t\t\t\t<a data-elementor-open-lightbox=\"yes\" data-elementor-lightbox-slideshow=\"f13c8ce\" data-elementor-lightbox-title=\"proc. caladi\u00f1as\" data-e-action-hash=\"#elementor-action%3Aaction%3Dlightbox%26settings%3DeyJpZCI6MjI3NTYsInVybCI6Imh0dHBzOlwvXC9zZW1hbmFzYW50YWRlbHVnby5jb21cL3dwLWNvbnRlbnRcL3VwbG9hZHNcLzIwMjRcLzA5XC9wcm9jLi1jYWxhZGluYXMuanBnIiwic2xpZGVzaG93IjoiZjEzYzhjZSJ9\" href='https:\/\/semanasantadelugo.com\/wp-content\/uploads\/2024\/09\/proc.-caladinas.jpg'><img loading=\"lazy\" decoding=\"async\" width=\"150\" height=\"150\" src=\"https:\/\/semanasantadelugo.com\/wp-content\/uploads\/2024\/09\/proc.-caladinas-150x150.jpg\" class=\"attachment-thumbnail size-thumbnail\" alt=\"\" \/><\/a>\n\t\t\t<\/div><\/figure><figure class='gallery-item'>\n\t\t\t<div class='gallery-icon portrait'>\n\t\t\t\t<a data-elementor-open-lightbox=\"yes\" data-elementor-lightbox-slideshow=\"f13c8ce\" data-elementor-lightbox-title=\"proc. caladi\u00f1as 2\" data-e-action-hash=\"#elementor-action%3Aaction%3Dlightbox%26settings%3DeyJpZCI6MjI3NTcsInVybCI6Imh0dHBzOlwvXC9zZW1hbmFzYW50YWRlbHVnby5jb21cL3dwLWNvbnRlbnRcL3VwbG9hZHNcLzIwMjRcLzA5XC9wcm9jLi1jYWxhZGluYXMtMi5qcGciLCJzbGlkZXNob3ciOiJmMTNjOGNlIn0%3D\" href='https:\/\/semanasantadelugo.com\/wp-content\/uploads\/2024\/09\/proc.-caladinas-2.jpg'><img loading=\"lazy\" decoding=\"async\" width=\"150\" height=\"150\" src=\"https:\/\/semanasantadelugo.com\/wp-content\/uploads\/2024\/09\/proc.-caladinas-2-150x150.jpg\" class=\"attachment-thumbnail size-thumbnail\" alt=\"\" \/><\/a>\n\t\t\t<\/div><\/figure><figure class='gallery-item'>\n\t\t\t<div class='gallery-icon landscape'>\n\t\t\t\t<a data-elementor-open-lightbox=\"yes\" data-elementor-lightbox-slideshow=\"f13c8ce\" data-elementor-lightbox-title=\"proc. santo entierro ofs\" data-e-action-hash=\"#elementor-action%3Aaction%3Dlightbox%26settings%3DeyJpZCI6MjI3NTgsInVybCI6Imh0dHBzOlwvXC9zZW1hbmFzYW50YWRlbHVnby5jb21cL3dwLWNvbnRlbnRcL3VwbG9hZHNcLzIwMjRcLzA5XC9wcm9jLi1zYW50by1lbnRpZXJyby1vZnMuanBnIiwic2xpZGVzaG93IjoiZjEzYzhjZSJ9\" href='https:\/\/semanasantadelugo.com\/wp-content\/uploads\/2024\/09\/proc.-santo-entierro-ofs.jpg'><img loading=\"lazy\" decoding=\"async\" width=\"150\" height=\"150\" src=\"https:\/\/semanasantadelugo.com\/wp-content\/uploads\/2024\/09\/proc.-santo-entierro-ofs-150x150.jpg\" class=\"attachment-thumbnail size-thumbnail\" alt=\"\" \/><\/a>\n\t\t\t<\/div><\/figure><figure class='gallery-item'>\n\t\t\t<div class='gallery-icon landscape'>\n\t\t\t\t<a data-elementor-open-lightbox=\"yes\" data-elementor-lightbox-slideshow=\"f13c8ce\" data-elementor-lightbox-title=\"proc. santo entierro ofs 2\" data-e-action-hash=\"#elementor-action%3Aaction%3Dlightbox%26settings%3DeyJpZCI6MjI3NTksInVybCI6Imh0dHBzOlwvXC9zZW1hbmFzYW50YWRlbHVnby5jb21cL3dwLWNvbnRlbnRcL3VwbG9hZHNcLzIwMjRcLzA5XC9wcm9jLi1zYW50by1lbnRpZXJyby1vZnMtMi5qcGciLCJzbGlkZXNob3ciOiJmMTNjOGNlIn0%3D\" href='https:\/\/semanasantadelugo.com\/wp-content\/uploads\/2024\/09\/proc.-santo-entierro-ofs-2.jpg'><img loading=\"lazy\" decoding=\"async\" width=\"150\" height=\"150\" src=\"https:\/\/semanasantadelugo.com\/wp-content\/uploads\/2024\/09\/proc.-santo-entierro-ofs-2-150x150.jpg\" class=\"attachment-thumbnail size-thumbnail\" alt=\"\" \/><\/a>\n\t\t\t<\/div><\/figure><figure class='gallery-item'>\n\t\t\t<div class='gallery-icon portrait'>\n\t\t\t\t<a data-elementor-open-lightbox=\"yes\" data-elementor-lightbox-slideshow=\"f13c8ce\" data-elementor-lightbox-title=\"Virgen Soledad-Proc. Caladi\u00f1as\" data-e-action-hash=\"#elementor-action%3Aaction%3Dlightbox%26settings%3DeyJpZCI6MjI3NjEsInVybCI6Imh0dHBzOlwvXC9zZW1hbmFzYW50YWRlbHVnby5jb21cL3dwLWNvbnRlbnRcL3VwbG9hZHNcLzIwMjRcLzA5XC9WaXJnZW4tU29sZWRhZC1Qcm9jLi1DYWxhZGluYXMuanBnIiwic2xpZGVzaG93IjoiZjEzYzhjZSJ9\" href='https:\/\/semanasantadelugo.com\/wp-content\/uploads\/2024\/09\/Virgen-Soledad-Proc.-Caladinas.jpg'><img loading=\"lazy\" decoding=\"async\" width=\"150\" height=\"150\" src=\"https:\/\/semanasantadelugo.com\/wp-content\/uploads\/2024\/09\/Virgen-Soledad-Proc.-Caladinas-150x150.jpg\" class=\"attachment-thumbnail size-thumbnail\" alt=\"\" \/><\/a>\n\t\t\t<\/div><\/figure>\n\t\t<\/div>\n\t\t<\/div>\n\t\t\t\t\t\t<\/div>\n\t\t\t\t<\/div>\n\t\t\t\t<div class=\"elementor-element elementor-element-02a5645 elementor-widget elementor-widget-text-editor\" data-id=\"02a5645\" data-element_type=\"widget\" data-settings=\"{&quot;ekit_we_effect_on&quot;:&quot;none&quot;,&quot;wdt_animation_effect&quot;:&quot;none&quot;}\" data-widget_type=\"text-editor.default\">\n\t\t\t\t<div class=\"elementor-widget-container\">\n\t\t\t\t\t\t\t\t\t<p>Durante o s\u00e9culo XV a comunidade franciscana de Lugo gozou dun merecido prestixio, residindo al\u00ed frecuentemente o Padre Custodio da Custodia de Ourense, como sinala Abel Vilela. Familias numerosas como os Trast\u00e1mara, Ulloa ou Bola\u00f1o, xunto cunha incipiente burgues\u00eda, beneficiaron o convento nas s\u00faas ordes testamentarias.<\/p><p>O s\u00e9culo XVI estivo marcado por unha forte crise na Orde Terceira de San Francisco, debido en parte \u00e1 desconfianza que ti\u00f1an nela os frades regulares, (neste proceso tam\u00e9n desapareceu en Galicia a Orde Militar do Santo Sepulcro, pasando ao seu cargo). de Pazos de Arenteiro para depender da orde de Malta) isto dar\u00eda lugar a un profundo desinterese que se prolongar\u00e1 durante todo o s\u00e9culo XVI, cando o cronista Marcos de Lisboa consideraba case desaparecida a Terceira Orde Franciscana Seglar en Espa\u00f1a.<\/p><p>A recuperaci\u00f3n do franciscanismo laico en Espa\u00f1a non comezar\u00eda ata 1606, cando o cap\u00edtulo xeral dos Frades Menores Observantes reunidos en Toledo acordou emprender unha intensa campa\u00f1a de revitalizaci\u00f3n da Orde Terceira. O efecto desa campa\u00f1a foi inmediato e sorprendente, e en poucos anos a Venerable Terceira Orde comezou a vivir un dos seus per\u00edodos de maior esplendor. Este feito coincide coa revitalizaci\u00f3n da Orde Terceira de San Francisco na nosa cidade de Lugo, e a construci\u00f3n da primeira capela (que tras sucesivas ampliaci\u00f3ns dar\u00e1 lugar \u00e1 actual) e que incorporou novos modelos de espiritualidade aos acontecementos de a Semana Santa en uni\u00f3n cos que levaran a cabo a Orde de Predicadores de Santo Domingo, Dominicos de Santa Mar\u00eda (a Nova), Agustinos da Praza Maior e da Catedral.<\/p><p>CONCLUSI\u00d3N:<\/p><p>A pesar da escaseza de datos documentais ao respecto, puidemos esbozar amplamente as orixes da Orde Terceira de San Francisco en Lugo, instituci\u00f3n relixiosa que naceu ao amparo da peregrinaci\u00f3n ao sepulcro apost\u00f3lico de Compostela e que segundo ao seu carisma e tradici\u00f3n sempre foron axudando \u00e1s dificultades dos m\u00e1is necesitados, en corpos e almas. Facendo especial fincap\u00e9 no patrimonio inmaterial no que se refire \u00e1s manifestaci\u00f3ns p\u00fablicas de piedade da nosa Semana Maior.<\/p><p>Jos\u00e9 Manuel Abel Exp\u00f3sito. Lugo-Decembro 2010<\/p><p><strong>LITERATURA:<\/strong><\/p><p><em>ABEL VILELA, Adolfo, \u201cA cidade de Lugo nos s\u00e9culos XII ao XV, Urbanismo e Sociedade\u201d Colecci\u00f3n Galicia Hist\u00f3rica.<br \/><\/em><em>Instituto de Estudos Galegos Padre Sarmiento. Lugami Artes Gr\u00e1ficas 2009.<br \/><\/em><em>\u201cA Capela da Soidade de Lugo\u201d<br \/><\/em><em>CABOT ROSELL\u00d3, Salvador, \u201cUn marco para el estudio de la Tercera Orden Regular de San Francisco en Espa\u00f1a\u201d, en Mar\u00eda del Mar GRA\u00d1A CID (ed.), Franciscanismo en la Pen\u00ednsula Ib\u00e9rica. Equilibrio e perspectivas. I Congreso Internacional. Madrid, 22-27 de setembro de 2003, Barcelona, 2005, pp. 349-372.<br \/><\/em><em>CANTERA MONTENEGRO, Margarita, \u201cAs ordes relixiosas\u201d, Medievalismo 14 (2004), pp. 113-126.<br \/><\/em><em>CASAGRANDE, Giovanna, \u201cUnha orde para os laicos. Penitencia e penitentes no s\u00e9culo XIII\u201d, en Francisco de As\u00eds e o primeiro s\u00e9culo da historia franciscana, O\u00f1ati, 1999, pp. 265-284.<br \/><\/em><em>GARC\u00cdA ORO, Jos\u00e9, Francisco de As\u00eds na Espa\u00f1a medieval, Santiago de Compostela, 1988.<br \/><\/em><em>GARC\u00cdA ORO, Jos\u00e9, Os franciscanos en Espa\u00f1a: Historia dun itinerario relixioso, Santiago de Compostela, 2006.<br \/><\/em><em>IRIARTE, L\u00e1zaro, Historia franciscana, Valencia, 1979.<br \/><\/em><em>MERLO, Grao Giovanni, En nome de Francisco de As\u00eds. Historia dos Irm\u00e1ns Menores e do Franciscanismo ata principios do s\u00e9culo XVI, O\u00f1ati, 2005.<br \/><\/em><em>VILLAPADIERNA, Isidoro de, \u201cObservaci\u00f3ns cr\u00edticas sobre a Terceira Orde de Penitencia en Espa\u00f1a\u201d, en O. SCHMUCKI (ed.), L&#039;ordine della penitenza di San Francesco d&#039;Assisi nel secolo XIII. Atti del Convegno di Studi Francescani. As\u00eds, 3-4-5 Iuglio 1972, Roma, 1973, pp. 219-227.<br \/><\/em><em>VILLAPADIERNA, Isidoro de, \u201cA Terceira Orde Franciscana de Espa\u00f1a no s\u00e9culo XIV\u201d, en Mariano D&#039;ALATRI (ed.), I frati penitenti di San Francesco nella Societ\u00e0 del Due e Trecento. Atti do II Convegno di Studi Francescani. Roma, 12-13-14 de outubro de 1976, Roma, 1977, pp. 161-178.<br \/><\/em><em>VILLAPADIERNA, Isidoro de, \u201cA Terceira Orde Franciscana de Espa\u00f1a no s\u00e9culo XV\u201d, en Mariano D&#039;ALATRI (ed.), Il movimento francescano nella penitenza nella societ\u00e0 medievale. Atti do III Convegno di Studi Francescani. Padua, 25-26-27 de setembro de 1979, Roma, 1980, pp. 125-144.<\/em><\/p>\t\t\t\t\t\t\t\t<\/div>\n\t\t\t\t<\/div>\n\t\t\t\t\t<\/div>\n\t\t<\/div>\n\t\t\t\t\t<\/div>\n\t\t<\/section>\n\t\t\t\t<\/div>","protected":false},"excerpt":{"rendered":"<p>As Terceiras Ordes naceron espontaneamente na Idade Media, dentro do clima de intensa espiritualidade cristi\u00e1 propia da \u00e9poca. Alg\u00fans laicos piadosos buscaron unha forma de afiliaci\u00f3n [...]<\/p>","protected":false},"author":1,"featured_media":0,"parent":20982,"menu_order":0,"comment_status":"closed","ping_status":"closed","template":"","meta":{"footnotes":""},"class_list":["post-21053","page","type-page","status-publish","hentry"],"_links":{"self":[{"href":"https:\/\/semanasantadelugo.com\/gl\/wp-json\/wp\/v2\/pages\/21053","targetHints":{"allow":["GET"]}}],"collection":[{"href":"https:\/\/semanasantadelugo.com\/gl\/wp-json\/wp\/v2\/pages"}],"about":[{"href":"https:\/\/semanasantadelugo.com\/gl\/wp-json\/wp\/v2\/types\/page"}],"author":[{"embeddable":true,"href":"https:\/\/semanasantadelugo.com\/gl\/wp-json\/wp\/v2\/users\/1"}],"replies":[{"embeddable":true,"href":"https:\/\/semanasantadelugo.com\/gl\/wp-json\/wp\/v2\/comments?post=21053"}],"version-history":[{"count":16,"href":"https:\/\/semanasantadelugo.com\/gl\/wp-json\/wp\/v2\/pages\/21053\/revisions"}],"predecessor-version":[{"id":22775,"href":"https:\/\/semanasantadelugo.com\/gl\/wp-json\/wp\/v2\/pages\/21053\/revisions\/22775"}],"up":[{"embeddable":true,"href":"https:\/\/semanasantadelugo.com\/gl\/wp-json\/wp\/v2\/pages\/20982"}],"wp:attachment":[{"href":"https:\/\/semanasantadelugo.com\/gl\/wp-json\/wp\/v2\/media?parent=21053"}],"curies":[{"name":"wp","href":"https:\/\/api.w.org\/{rel}","templated":true}]}}